{"id":1040,"date":"2015-08-12T13:59:58","date_gmt":"2015-08-12T11:59:58","guid":{"rendered":"https:\/\/www.jkg-bruchsal.de\/wordpress\/?page_id=1040"},"modified":"2025-09-25T21:20:07","modified_gmt":"2025-09-25T19:20:07","slug":"methodixprogramm","status":"publish","type":"page","link":"https:\/\/www.jkg-bruchsal.de\/?page_id=1040","title":{"rendered":"F\u00f6rderung der Methoden- und Sozialkompetenz"},"content":{"rendered":"<div class=\"row\">\n<div class=\"col-md-6\">\n    <a class=\"btn btn-primary\" style=\"float:left;\" href=\"https:\/\/www.jkg-bruchsal.de\/?page_id=104\"><span class=\"hidden-xs\"><< \u00dcbersicht: F\u00e4cher<\/span><i class=\"glyphicon glyphicon-arrow-left visible-xs\"><\/i><\/a>\n  <\/div>\n<div class=\"col-md-6\">\n  <\/div>\n<\/div>\n<h3>P\u00e4dagogische Begleitstunden am JKG<\/h3>\n<div class=\"col-md-12\">\n<div class=\"row\">\n<div class=\"col-md-5 bootstrapfloat\">\n      <a href=\"https:\/\/www.jkg-bruchsal.de\/wordpress\/inhalte\/uploads\/2015\/08\/k-Plakatgestaltung.jpg\" data-rel=\"lightbox-image-0\" data-rl_title=\"\" data-rl_caption=\"\" title=\"\"><img decoding=\"async\" class=\"img-responsive\" src=\"https:\/\/www.jkg-bruchsal.de\/wordpress\/inhalte\/uploads\/2015\/08\/k-Plakatgestaltung.jpg\" alt=\"Plakatgestaltung\" \/><\/a>\n    <\/div>\n<p>Die P\u00e4dagogischen Begleitstunden dienen der Umsetzung des Methoden- und Sozialcurriculums unserer Schule und haben in erster Linie zum Ziel, selbstgesteuertes, selbstorganisiertes, kooperatives und soziales Lernen zu erm\u00f6glichen. Dieses sog. &#8222;Methodixprogramm&#8220; startet in Klasse 5 und umfasst \u00fcber mehrere Schuljahre hinweg verschiedene Bausteine. Das erste Modul ist die <a href=\"https:\/\/www.jkg-bruchsal.de\/?page_id=561\" rel=\"noopener\" target=\"_blank\">Einf\u00fchrungswoche in Klasse 5<\/a>.<\/p>\n<\/p><\/div>\n<\/p><\/div>\n<p><\/br><\/p>\n<h3>Beschreibung<\/h3>\n<h4><strong>Klassenlehrerstunde (KL)<\/strong><\/h4>\n<p>Damit aus der neu zusammengew\u00fcrfelten Sch\u00fclerschar eine funktionierende Klassengemeinschaft erwachsen kann, verf\u00fcgt das Klassenlehrerteam neben seinem Fachunterricht \u00fcber eine Klassenlehrerstunde, die besonders diesem Ziel gewidmet ist. Die Gestaltung des Klassenlebens im Jahresverlauf, die Planung gemeinsamer Vorhaben aber auch die Besprechung von konflikttr\u00e4chtigen Situationen hat hier ihren Platz. In vielen Klassen ist mittlerweile auch der Klassenrat eingef\u00fchrt, eine Art Klassenparlament, in dem alle Angelegenheiten der Klasse mit Mitteln des demokratischen Diskurses behandelt werden k\u00f6nnen. <\/p>\n<p>In Klasse 7 und 8 verlagert sich der Schwerpunkt des individuellen Lernens vom selbstorganisierten Fachlernen hin zur St\u00e4rkung sozial-kommunikativer und personaler Kompetenzen. \u201eGut begr\u00fcndet Entscheidungen treffen k\u00f6nnen, langfristige Motivation aufbauen, Konzentrations- und Ged\u00e4chtnisf\u00e4higkeiten f\u00f6rdern oder auch der Umgang mit herausfordernden Situationen\u201c &#8211; diese Themen k\u00f6nnen je nach Klassensituation von der Klassenlehrkraft in Modulform von 2 x 8 Stunden pro Schuljahr auf die Agenda gesetzt werden.<\/p>\n<p><\/br><\/p>\n<h4><strong>Methodencurriculum (Lernen Lernen)<\/strong><\/h4>\n<p>Wie beschaffe ich Informationen und verarbeite diese? Wie pr\u00e4sentiere ich vor der Klasse? Wie lerne ich effektiv? Diese und weitere Inhalte zum Thema &#8222;Lernen Lernen&#8220; sind in der Klassenlehrerstunde in Klasse 5 vorgesehen.<\/p>\n<p><\/br><\/p>\n<h4><strong>Methodenstunde (MET)<\/strong><\/h4>\n<p>In Klasse 7 wird eine komplette Stunde dem Erlernen von Pr\u00e4sentationstechniken zur Vorbereitung der \u201egleichwertigen Feststellung von Sch\u00fclerleistungen\u201c gewidmet. Im bewertungsfreien Setting werden alle Kenntnisse und F\u00e4higkeiten vermittelt, derer es bedarf um eine adressatenorientierte und fachlich profunde Pr\u00e4sentation vorzubereiten. <a href=\"https:\/\/www.jkg-bruchsal.de\/?page_id=1019\">Weitere Informationen zur GFS >><\/a><\/p>\n<p><\/br><\/p>\n<h4><strong>Projektlernen (PL)<\/strong><\/h4>\n<p>Hier werden in Klasse 8 (G9) s\u00e4mtliche im Laufe der Jahre erworbenen personalen, sozial- kommunikativen und methodischen Kompetenzen in konkreten Projekten erprobt und angewendet. Die Vorbereitung der Verlegung von Stolpersteinen, das Erstellen einer Sch\u00fclerzeitung, der Vertrieb von Fair-trade-Produkten, das Herausgeben eines Schuljahresplaners, die Planung gemeinsamer Sportaktivit\u00e4ten mit Fl\u00fcchtlingskindern oder auch das Engagement im Rahmen des Tier- oder Umweltschutzes stellen lediglich einen Auszug aus dem j\u00e4hrlich neu aufgelegten Projektangebot dar. <a href=\"https:\/\/www.jkg-bruchsal.de\/?page_id=1368\">Weitere Informationen zum Projektlernen >><\/a><\/p>\n<p><\/br><\/p>\n<h4><strong>Berufsorientierung (BO)<\/strong><\/h4>\n<p><a href=\"https:\/\/www.jkg-bruchsal.de\/?page_id=4933\">Angebote zur Berufsorientierung am JKG >><\/a><\/p>\n<p><\/br><\/p>\n<h4><strong>Fachunterricht<\/strong><\/h4>\n<p>In den weiteren Klassen wird das Methoden- und Sozialcurriculum im Rahmen des Fachunterrichts umgesetzt.<\/p>\n<p><\/br><br \/>\n<em>Text: De, Kow (Sept. 2025)<\/em><\/p>\n","protected":false},"excerpt":{"rendered":"<p>> Projektlernen (PL) Hier werden in Klasse 8 (G9) s\u00e4mtliche im Laufe der Jahre erworbenen personalen, sozial- kommunikativen und methodischen Kompetenzen in konkreten Projekten erprobt und angewendet. Die Vorbereitung der Verlegung von Stolpersteinen, das Erstellen einer Sch\u00fclerzeitung, der Vertrieb von Fair-trade-Produkten, das Herausgeben eines Schuljahresplaners, die Planung gemeinsamer Sportaktivit\u00e4ten mit Fl\u00fcchtlingskindern oder auch das Engagement [&hellip;]<\/p>\n","protected":false},"author":2,"featured_media":0,"parent":110,"menu_order":25,"comment_status":"closed","ping_status":"closed","template":"","meta":{"footnotes":""},"class_list":["post-1040","page","type-page","status-publish","hentry"],"_links":{"self":[{"href":"https:\/\/www.jkg-bruchsal.de\/index.php?rest_route=\/wp\/v2\/pages\/1040","targetHints":{"allow":["GET"]}}],"collection":[{"href":"https:\/\/www.jkg-bruchsal.de\/index.php?rest_route=\/wp\/v2\/pages"}],"about":[{"href":"https:\/\/www.jkg-bruchsal.de\/index.php?rest_route=\/wp\/v2\/types\/page"}],"author":[{"embeddable":true,"href":"https:\/\/www.jkg-bruchsal.de\/index.php?rest_route=\/wp\/v2\/users\/2"}],"replies":[{"embeddable":true,"href":"https:\/\/www.jkg-bruchsal.de\/index.php?rest_route=%2Fwp%2Fv2%2Fcomments&post=1040"}],"version-history":[{"count":5,"href":"https:\/\/www.jkg-bruchsal.de\/index.php?rest_route=\/wp\/v2\/pages\/1040\/revisions"}],"predecessor-version":[{"id":15048,"href":"https:\/\/www.jkg-bruchsal.de\/index.php?rest_route=\/wp\/v2\/pages\/1040\/revisions\/15048"}],"up":[{"embeddable":true,"href":"https:\/\/www.jkg-bruchsal.de\/index.php?rest_route=\/wp\/v2\/pages\/110"}],"wp:attachment":[{"href":"https:\/\/www.jkg-bruchsal.de\/index.php?rest_route=%2Fwp%2Fv2%2Fmedia&parent=1040"}],"curies":[{"name":"wp","href":"https:\/\/api.w.org\/{rel}","templated":true}]}}