{"id":108,"date":"2015-07-18T17:01:14","date_gmt":"2015-07-18T15:01:14","guid":{"rendered":"http:\/\/www.jkg-bruchsal.de\/wordpress\/?page_id=108"},"modified":"2025-11-26T06:55:44","modified_gmt":"2025-11-26T05:55:44","slug":"profile-g8-g9","status":"publish","type":"page","link":"https:\/\/www.jkg-bruchsal.de\/?page_id=108","title":{"rendered":"Bildungsg\u00e4nge und Profile"},"content":{"rendered":"<h3><strong>Zwei Mal G9 &#8211; Der neunj\u00e4hrige Bildungsgang am JKG<\/strong><\/h3>\n<p>Im Zuge der Bildungsreform sollen ab dem Schuljahr 2025\/26 alle Gymnasien in Baden-W\u00fcrttemberg auf den neunj\u00e4hrigen Bildungsgang (G9) umstellen \u2013 vorausgesetzt der Landtag stimmt im Januar 2025 f\u00fcr den Gesetzesentwurf. <\/p>\n<p>Da das Justus-Knecht-Gymnasium schon seit vielen Jahren eine der G9-Modellschulen in Baden-W\u00fcrttemberg ist, durchlaufen die meisten unserer Sch\u00fclerinnen und Sch\u00fcler bereits den neunj\u00e4hrigen Bildungsgang.<\/p>\n<p>Unsere letzte G8-Klasse erreicht im September 2025 die Kursstufe \u2013 damit endet der achtj\u00e4hrige Bildungsgang am JKG.<\/p>\n<p>Das bisherige G9 bei uns war ein individuell von unserer Schulgemeinschaft entwickeltes Konzept mit eigener Stundentafel zum Sprach- und Profilangebot. Das neue G9, welches bald in ganz Baden-W\u00fcrttemberg eingef\u00fchrt wird, ist hingegen anders gestaltet: \u00dcberall im Land gilt an Gymnasien dann nahezu die gleiche Stundentafel.<\/p>\n<p>Deswegen m\u00fcssen auch wir am Justus-Knecht-Gymnasium von nun an unterscheiden zwischen unserem \u201ealten\u201c G9 als Modellschule (im unteren Schaubild links) und dem landesweit einheitlichen neuen G9 (im Schaubild rechts).<\/p>\n<p><\/br><\/p>\n<a href=\"https:\/\/www.jkg-bruchsal.de\/wordpress\/inhalte\/uploads\/2025\/11\/beide-Profile-Nov-2025.jpg\" rel=\"noopener\" target=\"_blank\" data-rel=\"lightbox-image-0\" data-rl_title=\"\" data-rl_caption=\"\" title=\"\"><img decoding=\"async\" class=\"img-responsive\" src=\"https:\/\/www.jkg-bruchsal.de\/wordpress\/inhalte\/uploads\/2025\/11\/beide-Profile-Nov-2025.jpg\" alt=\"Schaubild Profile alt und neu\" \/><\/a>\n<p><\/br><\/p>\n<p>Dem Schaubild ist zu entnehmen, dass die Fremdsprachen und Profilf\u00e4cher in unterschiedlichen Klassenstufen beginnen: W\u00e4hrend im JKG-eigenen G9 die zweite Fremdsprache erst in Klasse 7 und das Profilfach in Klasse 9 beginnt, f\u00e4ngt nach dem neuen G9 in Baden-W\u00fcrttemberg beides bereits ein Jahr fr\u00fcher an (2. Fremdsprache ab Klasse 6, Profilfach ab Klasse 8).<\/p>\n<p><\/br><\/p>\n<h3><strong>F\u00fcr wen gilt welches G9?<\/strong><\/h3>\n<p>Welche Sch\u00fclerin \/ welcher Sch\u00fcler welchen der beiden neunj\u00e4hrigen Bildungsg\u00e4nge absolviert, h\u00e4ngt vom Jahrgang ab: <\/p>\n<ul>\n<li>Alle Kinder, die im Schuljahr 2025\/26 in Klasse 5 und 6 sind, lernen im neuen landesweiten G9 bis zum Abitur. <\/li>\n<li>Wer im Schuljahr 2025\/26 in Klasse 7 oder h\u00f6her ist, bleibt im \u201ealten\u201c JKG-G9. <\/li>\n<\/ul>\n<p>Der unten stehenden Tabelle kann entnommen werden, f\u00fcr wen welcher Bildungsgang gilt (\u201eG9 JKG\u201c bezeichnet das alte JKG-eigene G9, mit \u201eG9 BW neu\u201c ist das baden-w\u00fcrttembergische neue G9 gemeint.)<\/p>\n<div class=\"table-responsive\">\n<table class=\"table table-hover table-bordered table-jkg\">\n<thead>\n<tr>\n<th><\/th>\n<th>2025\/26<\/th>\n<th>2026\/27<\/th>\n<th>2027\/28<\/th>\n<th>2028\/29<\/th>\n<th>2029\/30<\/th>\n<th>2030\/31<\/th>\n<\/tr>\n<\/thead>\n<tbody>\n<tr>\n<td><strong>Klasse 5<\/strong><\/td>\n<td><strong><FONT COLOR=\"#FF8000\">G9 BW NEU<\/FONT><\/strong><\/td>\n<td><strong><FONT COLOR=\"#FF8000\">G9 BW NEU<\/FONT><\/strong><\/td>\n<td><strong><FONT COLOR=\"#FF8000\">G9 BW NEU<\/FONT><\/strong><\/td>\n<td><strong><FONT COLOR=\"#FF8000\">G9 BW NEU<\/FONT><\/strong><\/td>\n<td><strong><FONT COLOR=\"#FF8000\">G9 BW NEU<\/FONT><\/strong><\/td>\n<td><strong><FONT COLOR=\"#FF8000\">G9 BW NEU<\/FONT><\/strong><\/td>\n<\/tr>\n<tr>\n<td><strong>Klasse 6<\/strong><\/td>\n<td><strong><FONT COLOR=\"#FF8000\">G9 BW NEU<\/FONT><\/strong><\/td>\n<td><strong><FONT COLOR=\"#FF8000\">G9 BW NEU<\/FONT><\/strong><\/td>\n<td><strong><FONT COLOR=\"#FF8000\">G9 BW NEU<\/FONT><\/strong><\/td>\n<td><strong><FONT COLOR=\"#FF8000\">G9 BW NEU<\/FONT><\/strong><\/td>\n<td><strong><FONT COLOR=\"#FF8000\">G9 BW NEU<\/FONT><\/strong><\/td>\n<td><strong><FONT COLOR=\"#FF8000\">G9 BW NEU<\/FONT><\/strong><\/td>\n<\/tr>\n<tr>\n<td><strong>Klasse 7<\/strong><\/td>\n<td><strong><FONT COLOR=\"#2B65EC\">G9 JKG<\/FONT><\/strong><\/td>\n<td><strong><FONT COLOR=\"#FF8000\">G9 BW NEU<\/FONT><\/strong><\/td>\n<td><strong><FONT COLOR=\"#FF8000\">G9 BW NEU<\/FONT><\/strong><\/td>\n<td><strong><FONT COLOR=\"#FF8000\">G9 BW NEU<\/FONT><\/strong><\/td>\n<td><strong><FONT COLOR=\"#FF8000\">G9 BW NEU<\/FONT><\/strong><\/td>\n<td><strong><FONT COLOR=\"#FF8000\">G9 BW NEU<\/FONT><\/strong><\/td>\n<\/tr>\n<tr>\n<td><strong>Klasse 8<\/strong><\/td>\n<td><strong><FONT COLOR=\"#2B65EC\">G9 JKG<\/FONT><\/strong><\/td>\n<td><strong><FONT COLOR=\"#2B65EC\">G9 JKG<\/FONT><\/strong><\/td>\n<td><strong><FONT COLOR=\"#FF8000\">G9 BW NEU<\/FONT><\/strong><\/td>\n<td><strong><FONT COLOR=\"#FF8000\">G9 BW NEU<\/FONT><\/strong><\/td>\n<td><strong><FONT COLOR=\"#FF8000\">G9 BW NEU<\/FONT><\/strong><\/td>\n<td><strong><FONT COLOR=\"#FF8000\">G9 BW NEU<\/FONT><\/strong><\/td>\n<\/tr>\n<tr>\n<td><strong>Klasse 9<\/strong><\/td>\n<td><strong><FONT COLOR=\"#2B65EC\">G9 JKG<\/FONT><\/strong><\/td>\n<td><strong><FONT COLOR=\"#2B65EC\">G9 JKG<\/FONT><\/strong><\/td>\n<td><strong><FONT COLOR=\"#2B65EC\">G9 JKG<\/FONT><\/strong><\/td>\n<td><strong><FONT COLOR=\"#FF8000\">G9 BW NEU<\/FONT><\/strong><\/td>\n<td><strong><FONT COLOR=\"#FF8000\">G9 BW NEU<\/FONT><\/strong><\/td>\n<td><strong><FONT COLOR=\"#FF8000\">G9 BW NEU<\/FONT><\/strong><\/td>\n<\/tr>\n<tr>\n<td><strong>Klasse 10<\/strong><\/td>\n<td><strong><FONT COLOR=\"#2B65EC\">G9 JKG<\/FONT><\/strong><\/td>\n<td><strong><FONT COLOR=\"#2B65EC\">G9 JKG<\/FONT><\/strong><\/td>\n<td><strong><FONT COLOR=\"#2B65EC\">G9 JKG<\/FONT><\/strong><\/td>\n<td><strong><FONT COLOR=\"#2B65EC\">G9 JKG<\/FONT><\/strong><\/td>\n<td><strong><FONT COLOR=\"#FF8000\">G9 BW NEU<\/FONT><\/strong><\/td>\n<td><strong><FONT COLOR=\"#FF8000\">G9 BW NEU<\/FONT><\/strong><\/td>\n<\/tr>\n<tr>\n<td><strong>Klasse 11<\/strong><\/td>\n<td><strong><FONT COLOR=\"#2B65EC\">G9 JKG<\/FONT><\/strong><\/td>\n<td><strong><FONT COLOR=\"#2B65EC\">G9 JKG<\/FONT><\/strong><\/td>\n<td><strong><FONT COLOR=\"#2B65EC\">G9 JKG<\/FONT><\/strong><\/td>\n<td><strong><FONT COLOR=\"#2B65EC\">G9 JKG<\/FONT><\/strong><\/td>\n<td><strong><FONT COLOR=\"#2B65EC\">G9 JKG<\/FONT><\/strong><\/td>\n<td><strong><FONT COLOR=\"#FF8000\">G9 BW NEU<\/FONT><\/strong><\/td>\n<\/tr>\n<\/tbody>\n<\/table>\n<\/div>\n<p><\/br><\/p>\n<h3><strong>Profile und Fremdsprachen<\/strong><\/h3>\n<p>Die beiden neunj\u00e4hrigen Bildungsg\u00e4nge unterscheiden sich vor allem durch die Stundentafel und den Beginn der zweiten Fremdsprache. Aber auch der Beginn und das Angebot an Profilf\u00e4chern ist in beiden G9-Arten unterschiedlich. Im \u201eneuen\u201c G9 kommt das Profilfach IMP beispielsweise nicht mehr vor. Weitere Informationen zu den Bildungsg\u00e4ngen finden Sie hier:<\/p>\n<p><\/br><\/p>\n<div class=\"col-md-12\">\n<div class=\"row\">\n<div class=\"col-xs-3 bootstrapfloat\">\n<p><strong>G9 Baden-W\u00fcrttemberg NEU:<\/strong><\/p>\n<p>       <a href=\"https:\/\/www.jkg-bruchsal.de\/?page_id=16177\"><img decoding=\"async\" class=\"img-responsive\" src=\"https:\/\/www.jkg-bruchsal.de\/wordpress\/inhalte\/uploads\/2025\/11\/G9-BW-Nov-2025.jpg\" alt=\"G9 BW NEU\" style=\"padding: 7px;\" \/><\/a>\n    <\/div>\n<div class=\"col-xs-3 bootstrapfloat\">\n    <\/div>\n<div class=\"col-xs-3 bootstrapfloat\">\n<p><strong>G9 JKG Modellschule:<\/strong><\/p>\n<a href=\"https:\/\/www.jkg-bruchsal.de\/?page_id=16169\"><img decoding=\"async\" class=\"img-responsive\" src=\"https:\/\/www.jkg-bruchsal.de\/wordpress\/inhalte\/uploads\/2025\/11\/G9-JKG-Nov-2025.jpg\" alt=\"G9 JKG\" style=\"padding: 7px;\" \/><\/a><\/div>\n<\/p><\/div>\n<\/p><\/div>\n<p><\/br><\/p>\n<h3><strong>Weitere Bildungsangebote<\/strong><\/h3>\n<p>Informationen zu weiteren Bildungsangeboten am JKG finden Sie hier: <a href=\"https:\/\/www.jkg-bruchsal.de\/?page_id=558\" rel=\"noopener\" target=\"_blank\">\u00dcbersicht Bildungsangebote >><\/a><\/p>\n<p><\/br><\/p>\n","protected":false},"excerpt":{"rendered":"<p>Zwei Mal G9 &#8211; Der neunj\u00e4hrige Bildungsgang am JKG Im Zuge der Bildungsreform sollen ab dem Schuljahr 2025\/26 alle Gymnasien in Baden-W\u00fcrttemberg auf den neunj\u00e4hrigen Bildungsgang (G9) umstellen \u2013 vorausgesetzt der Landtag stimmt im Januar 2025 f\u00fcr den Gesetzesentwurf. Da das Justus-Knecht-Gymnasium schon seit vielen Jahren eine der G9-Modellschulen in Baden-W\u00fcrttemberg ist, durchlaufen die meisten [&hellip;]<\/p>\n","protected":false},"author":2,"featured_media":0,"parent":44,"menu_order":20,"comment_status":"open","ping_status":"closed","template":"","meta":{"footnotes":""},"class_list":["post-108","page","type-page","status-publish","hentry"],"_links":{"self":[{"href":"https:\/\/www.jkg-bruchsal.de\/index.php?rest_route=\/wp\/v2\/pages\/108","targetHints":{"allow":["GET"]}}],"collection":[{"href":"https:\/\/www.jkg-bruchsal.de\/index.php?rest_route=\/wp\/v2\/pages"}],"about":[{"href":"https:\/\/www.jkg-bruchsal.de\/index.php?rest_route=\/wp\/v2\/types\/page"}],"author":[{"embeddable":true,"href":"https:\/\/www.jkg-bruchsal.de\/index.php?rest_route=\/wp\/v2\/users\/2"}],"replies":[{"embeddable":true,"href":"https:\/\/www.jkg-bruchsal.de\/index.php?rest_route=%2Fwp%2Fv2%2Fcomments&post=108"}],"version-history":[{"count":5,"href":"https:\/\/www.jkg-bruchsal.de\/index.php?rest_route=\/wp\/v2\/pages\/108\/revisions"}],"predecessor-version":[{"id":15516,"href":"https:\/\/www.jkg-bruchsal.de\/index.php?rest_route=\/wp\/v2\/pages\/108\/revisions\/15516"}],"up":[{"embeddable":true,"href":"https:\/\/www.jkg-bruchsal.de\/index.php?rest_route=\/wp\/v2\/pages\/44"}],"wp:attachment":[{"href":"https:\/\/www.jkg-bruchsal.de\/index.php?rest_route=%2Fwp%2Fv2%2Fmedia&parent=108"}],"curies":[{"name":"wp","href":"https:\/\/api.w.org\/{rel}","templated":true}]}}