{"id":137,"date":"2015-07-18T17:12:52","date_gmt":"2015-07-18T15:12:52","guid":{"rendered":"http:\/\/www.jkg-bruchsal.de\/wordpress\/?page_id=137"},"modified":"2024-08-21T16:53:05","modified_gmt":"2024-08-21T14:53:05","slug":"regeln-im-zusammenleben","status":"publish","type":"page","link":"https:\/\/www.jkg-bruchsal.de\/?page_id=137","title":{"rendered":"Schulordnung"},"content":{"rendered":"<h3><a name=\"Schulordnung\"><\/a>Schulordnung des Justus-Knecht-Gymnasiums<\/h3>\n<p><em>(Stand: September 2024)<\/em><\/p>\n<p>Schule ist ein Ort des Lernens und Arbeitens und der Gemeinschaft. Hier verbringen wir einen betr\u00e4chtlichen Teil unseres Lebens. Damit bei uns eine Atmosph\u00e4re herrscht, in der sich alle wohlf\u00fchlen k\u00f6nnen, gibt sich das JKG folgende Regeln:<\/p>\n<p><\/br><\/p>\n<h4><strong>Allgemeine Regeln auf dem Schulgel\u00e4nde<\/strong><\/h4>\n<p>Der Schulhof dient der Erholung, er ist kein Parkplatz. F\u00fcr Fahrr\u00e4der gibt es einen \u00fcberdachten Stellplatz im Osthof, f\u00fcr PKW mit Ausnahmegenehmigung zwei markierte Stellpl\u00e4tze im Westhof. W\u00e4hrend der Pausen gilt ein absolutes Fahrverbot.<\/p>\n<p>Auf dem Schulgel\u00e4nde gilt ein generelles Alkohol- und Rauchverbot. F\u00fcr bestimmte Schulveranstaltungen k\u00f6nnen Sonderregeln gelten.<\/p>\n<p>Die Achtung der Pers\u00f6nlichkeitsrechte des Anderen, seiner W\u00fcrde, seiner Gesundheit und seines Eigentums ist unverhandelbar. Deshalb unterbleibt alles, was anderen Menschen k\u00f6rperlichen oder seelischen Schaden zuf\u00fcgen kann. Gef\u00e4hrliche Gegenst\u00e4nde bleiben zuhause.<\/p>\n<p>Der Respekt vor fremdem Eigentum gilt auch f\u00fcr die R\u00e4umlichkeiten, die Einrichtungs- und Ausstattungsgegenst\u00e4nde der Schule.<\/p>\n<p>In die Schule mitgebrachte pers\u00f6nliche Gegenst\u00e4nde oder Wertsachen k\u00f6nnen leicht verlorengehen oder besch\u00e4digt werden. Da die Schule hierf\u00fcr keine Verantwortung \u00fcbernehmen kann, bleiben sie am besten zuhause.<\/p>\n<p><\/br><\/p>\n<h4><strong>Vor, w\u00e4hrend und nach dem Unterrich<\/strong>t<\/h4>\n<p>Vor Beginn des Unterrichts k\u00f6nnen sich die Sch\u00fclerinnen und Sch\u00fcler im Schulgeb\u00e4ude und in ihren Klassenzimmern aufhalten.<\/p>\n<p>Nach der letzten Stunde wird aufger\u00e4umt und aufgestuhlt. Nach Unterrichtsschluss stehen den Sch\u00fclerinnen und Sch\u00fclern die Nischen auf allen Fluren des Hauptgeb\u00e4udes zur Verf\u00fcgung.<\/p>\n<p>In der Zeit zwischen zwei Stunden sowie in der ersten gro\u00dfen Pause k\u00f6nnen die Sch\u00fclerinnen und Sch\u00fcler im Geb\u00e4ude bleiben (z.B. um sich auf den n\u00e4chsten Unterricht vorzubereiten oder um den Klassenraum zu wechseln).<\/p>\n<p>Zu Beginn der Stunde nehmen die Sch\u00fclerinnen und Sch\u00fcler ihre Pl\u00e4tze ein und bereiten ihr Unterrichtsmaterial vor. Falls f\u00fcnf Minuten nach Unterrichtsbeginn noch keine Lehrkraft eingetroffen ist, kommt die Klassensprecherin bzw. der Klassensprecher zum Sekretariat.<\/p>\n<p>Die Unterrichtszeiten sind im L\u00e4uteplan festgelegt. Auf einen Gong wird absichtlich verzichtet. Pausen in Doppelstunden sind flexibel gestaltbar, d\u00fcrfen aber andere Lerngruppen nicht st\u00f6ren.<\/p>\n<p>W\u00e4hrend der gro\u00dfen Pause verlassen alle Sch\u00fclerinnen und Sch\u00fcler der Klassen 5-9 das Schulgeb\u00e4ude. Die Fachlehrerinnen und Fachlehrer der vierten Stunde schlie\u00dfen die Klassenzimmer ab. Bei angek\u00fcndigten Regenpausen gilt dies nicht.<\/p>\n<p>Sch\u00fclerinnen und Sch\u00fcler der Klassen 5-9 d\u00fcrfen das Schulgel\u00e4nde w\u00e4hrend der Pause oder in Freistunden nicht verlassen. Sch\u00fclerinnen und Sch\u00fcler der Kursstufe sowie der Klassen 10 und 11 gelten dagegen in unterrichtsfreien Phasen als auf eigene Verantwortung entlassen.<\/p>\n<p><\/br><\/p>\n<h4><strong>Nutzung digitaler Endger\u00e4te<\/strong><\/h4>\n<p>Digitale Endger\u00e4te pr\u00e4gen zunehmend unser aller Leben. In der Schule wird ein verantwortungsvoller Umgang mit ihnen \u00fcber die (Schul-) Jahre hinweg altersgerecht einge\u00fcbt. Am JKG geschieht dies im verpflichtenden Basiskurs Medienbildung, in verschiedenen Workshops zur Medienbildung sowie in vielen konkreten Unterrichtssituationen.<\/p>\n<p>Die Schulordnung unterscheidet daher zwischen j\u00fcngeren und \u00e4lteren Sch\u00fclerinnen und Sch\u00fclern. W\u00e4hrend f\u00fcr die Klassen 5 bis 9 die Nutzung digitaler Endger\u00e4te weiterhin verboten bleibt (Schutzraum), wird sie ab Klasse 10 freigegeben (Freiraum). Schutzraum und Freiraum lassen sich in der Schulwirklichkeit r\u00e4umlich nicht perfekt voneinander abgrenzen; hier braucht es Kompromissbereitschaft.<\/p>\n<p><strong>Im Unterricht:<\/strong><\/p>\n<p>Klassen 5-9: Die Verwendung digitaler Endger\u00e4te ist in den Klassen 5-9 nicht erlaubt; die Lehrkr\u00e4fte definieren zeitlich begrenzte Ausnahmen.<\/p>\n<p>Ab Klasse 10: Die Verwendung digitaler Endger\u00e4te im Unterricht und f\u00fcr schulische Zwecke ist erlaubt; die Lehrkr\u00e4fte definieren Ausnahmen aus p\u00e4dagogischen Gr\u00fcnden. Die Nutzung von Seiten der Sch\u00fclerinnen und Sch\u00fcler bleibt freiwillig.<\/p>\n<p><strong>Au\u00dferhalb des Unterrichts (Freistunden, Pausen):<\/strong><\/p>\n<p>Klassen 5-9: Die Verwendung digitaler Endger\u00e4te ist nicht erlaubt; die Lehrkr\u00e4fte definieren Ausnahmen.<\/p>\n<p>Ab Klasse 10: Die Verwendung digitaler Endger\u00e4te f\u00fcr schulische Zwecke au\u00dferhalb des Unterrichts ist zum Schutz der j\u00fcngeren Sch\u00fclerinnen und Sch\u00fcler ausschlie\u00dflich am Campus, auf dem Schulhof vor dem Haupteingang sowie im Bereich der 400er-R\u00e4ume erlaubt.<\/p>\n<p>Das Recht am eigenen Bild ist aus guten Gr\u00fcnden streng gesch\u00fctzt. Selbst zu schulischen Zwecken sind deshalb Foto-, Ton- und Videoaufnahmen aller Art nur mit ausdr\u00fccklicher Erlaubnis der aufzunehmenden Person gestattet.<\/p>\n<p><\/br><\/p>\n<h4><strong>Geltungsbereich der Schulordnung<\/strong><\/h4>\n<p>Die Schulordnung gilt auf dem gesamten Schulgel\u00e4nde (Hauptgeb\u00e4ude, Leichtbau, Campus) sowie in den Sportbussen und den Sportst\u00e4tten.<\/p>\n<p>Bei Verst\u00f6\u00dfen gegen die hier genannten Regeln k\u00f6nnen Erziehungs- und Ordnungsma\u00dfnahmen verh\u00e4ngt werden. Unabh\u00e4ngig davon gelten die gesetzlichen Bestimmungen z.B. des Schul-, Straf-, Urheber-, Pers\u00f6nlichkeits- und Jugendschutzrechts.<\/p>\n<p>Mit dem Eintritt in unsere Schule erkennen die Sch\u00fclerinnen und Sch\u00fcler und ihre Erziehungsberechtigten diese Schulordnung ausdr\u00fccklich an.<\/p>\n<p><\/br><\/p>\n<p>Die Schulordnung tritt mit Beginn des Schuljahres 2024\/25 in Kraft.<\/p>\n<p>Bruchsal, im April 2024<\/p>\n<p><em>Andrea Mutter, OStD\u2018in<\/em><\/p>\n<p><\/br><br \/>\n<a href=\"https:\/\/www.jkg-bruchsal.de\/wordpress\/inhalte\/uploads\/2024\/08\/jkg_schulordnung_ab_2024-2025.pdf\" target=\"_blank\" rel=\"noopener noreferrer\">Die Schulordnung zum Download, Version September 2024 (PDF)<\/a><\/p>\n","protected":false},"excerpt":{"rendered":"<p>Schulordnung des Justus-Knecht-Gymnasiums (Stand: September 2024) Schule ist ein Ort des Lernens und Arbeitens und der Gemeinschaft. Hier verbringen wir einen betr\u00e4chtlichen Teil unseres Lebens. Damit bei uns eine Atmosph\u00e4re herrscht, in der sich alle wohlf\u00fchlen k\u00f6nnen, gibt sich das JKG folgende Regeln: Allgemeine Regeln auf dem Schulgel\u00e4nde Der Schulhof dient der Erholung, er ist [&hellip;]<\/p>\n","protected":false},"author":2,"featured_media":0,"parent":47,"menu_order":40,"comment_status":"open","ping_status":"open","template":"","meta":{"footnotes":""},"class_list":["post-137","page","type-page","status-publish","hentry"],"_links":{"self":[{"href":"https:\/\/www.jkg-bruchsal.de\/index.php?rest_route=\/wp\/v2\/pages\/137","targetHints":{"allow":["GET"]}}],"collection":[{"href":"https:\/\/www.jkg-bruchsal.de\/index.php?rest_route=\/wp\/v2\/pages"}],"about":[{"href":"https:\/\/www.jkg-bruchsal.de\/index.php?rest_route=\/wp\/v2\/types\/page"}],"author":[{"embeddable":true,"href":"https:\/\/www.jkg-bruchsal.de\/index.php?rest_route=\/wp\/v2\/users\/2"}],"replies":[{"embeddable":true,"href":"https:\/\/www.jkg-bruchsal.de\/index.php?rest_route=%2Fwp%2Fv2%2Fcomments&post=137"}],"version-history":[{"count":6,"href":"https:\/\/www.jkg-bruchsal.de\/index.php?rest_route=\/wp\/v2\/pages\/137\/revisions"}],"predecessor-version":[{"id":14728,"href":"https:\/\/www.jkg-bruchsal.de\/index.php?rest_route=\/wp\/v2\/pages\/137\/revisions\/14728"}],"up":[{"embeddable":true,"href":"https:\/\/www.jkg-bruchsal.de\/index.php?rest_route=\/wp\/v2\/pages\/47"}],"wp:attachment":[{"href":"https:\/\/www.jkg-bruchsal.de\/index.php?rest_route=%2Fwp%2Fv2%2Fmedia&parent=137"}],"curies":[{"name":"wp","href":"https:\/\/api.w.org\/{rel}","templated":true}]}}