{"id":7125,"date":"2017-03-02T16:29:42","date_gmt":"2017-03-02T15:29:42","guid":{"rendered":"https:\/\/www.jkg-bruchsal.de\/?page_id=7125"},"modified":"2025-09-10T16:21:24","modified_gmt":"2025-09-10T14:21:24","slug":"kids-online","status":"publish","type":"page","link":"https:\/\/www.jkg-bruchsal.de\/?page_id=7125","title":{"rendered":"Kids Online"},"content":{"rendered":"<p>\n  <a class=\"btn btn-primary\" style=\"float:right;\" href=\"https:\/\/www.jkg-bruchsal.de\/?page_id=7121\"><span class=\"hidden-xs\">Medienknigge >><\/span><i class=\"glyphicon glyphicon-arrow-right visible-xs\"><\/i><\/a>\n<\/p>\n<h3>Smartphones \u2013 aber sicher<\/h3>\n<p>klicksafe &#038; mobilsicher.de starten <a href=\"https:\/\/www.klicksafe.de\/service\/aktuelles\/news\/smartphones-aber-sicher-klicksafe-und-mobilsicher-de-starten-videoreihe\/\" rel=\"noopener noreferrer\" target=\"_blank\">Videoreihe \u201emobil &#038; safe\u201c<\/a> (externer Link) <\/p>\n<p><\/p>\n<hr>\n<h3><a name=\"Social Media\"><\/a>Generation Challenge<\/h3>\n<h4>Workshops mit Medienp\u00e4dagogin Eva Weiler (Oktober 2022)<\/h4>\n<div class=\"col-md-12\">\n<div class=\"row\">\n<div class=\"col-md-5 bootstrapfloat\">\n        <a href=\"https:\/\/www.jkg-bruchsal.de\/wordpress\/inhalte\/uploads\/2022\/12\/k-Bild_Social-Media-gecheckt-_Artikel.jpg\" data-rel=\"lightbox-image-0\" data-rl_title=\"\" data-rl_caption=\"\" title=\"\"><img decoding=\"async\" class=\"img-responsive\" src=\"https:\/\/www.jkg-bruchsal.de\/wordpress\/inhalte\/uploads\/2022\/12\/k-Bild_Social-Media-gecheckt-_Artikel.jpg\" alt=\"Medien\" \/><\/a>\n    <\/div>\n<p>Kennen Sie die neusten Trends, Influencer und Challenges bei TikTok, Instagram und Snap? Die Sch\u00fcler*innen des JKG sind dar\u00fcber sehr gut informiert.<\/p>\n<p>Den Umgang mit den Challenges und vor allem die Konsequenzen sind den Sch\u00fcler*innen nicht immer bewusst. Daher durften die Sch\u00fcler*innen der Klassen 7 auch dieses Schuljahr wieder an einem Workshop zum Thema \u201eSocial Media &#8211; gecheckt?!\u201c teilnehmen. F\u00fcr diese Workshops wurde wieder Frau Eva Weiler (Medienp\u00e4dagogin) eingeladen. <\/p>\n<p>Mitte Oktober bzw. November durchquerte sie mit den Sch\u00fcler*innen s\u00e4mtlich Aspekte der sozialen Medien mit teils spielerischen Elementen. <\/p>\n<p>Durch ihre alltagsnahe Darstellungsweise m\u00f6glicher Probleme bei der Verwendung von Social Media Apps, hat sie es geschafft das Interesse der Sch\u00fcler*innen zu wecken. In den drei Schulstunden wurden die eigenen Erfahrungen der Sch\u00fcler*innen, aber auch Beispiele aus der digitalen Welt, zusammen er\u00f6rtert. Dabei spielten m\u00f6gliche Folgen von Challenges bei TikTok und der Datenschutz eine gro\u00dfe Rolle. Die Sch\u00fcler*innen lernten auch, dass es rechtliche Konsequenzen geben kann, wenn man sich nicht an die geltenden Regeln und Gesetze h\u00e4lt. Teilweise auch schon im Alter von 8 Jahren.<\/p>\n<p>Frau Weiler hat durch ihr breites Wissen in der digitalen Welt den Sch\u00fclerinnen und Sch\u00fclern eindrucksvoll vermittelt, dass es immer von Vorteil ist, erst dar\u00fcber nachzudenken, was in der digitalen Welt geschrieben, gepostet und ver\u00f6ffentlicht wird, und es dann zu posten. <\/p>\n<p>Ein gro\u00dfes Dankesch\u00f6n geht hierbei an den Freundeskreis des JKG f\u00fcr die Finanzierung der Workshops. Er hat dadurch einen weiteren, wichtigen Beitrag zum Erwerb von Medienkompetenz der Sch\u00fcler*innen geleistet. <\/p>\n<\/p><\/div>\n<\/p><\/div>\n<p><em>Text und Foto: Dal (Oktober 2022)<\/em><\/p>\n<hr>\n<h3>Social Media &#8211; gecheckt?<\/h3>\n<h4>Sch\u00fclerinnen und Sch\u00fcler der 7. Klassen nehmen an spannendem Workshop teil (Oktober 2021)<\/h4>\n<p>Unter diesem Motto durften die Sch\u00fclerinnen und Sch\u00fcler der Klassen 7 ihr Wissen \u00fcber die sozialen Medien in einem Workshop \u00fcberpr\u00fcfen bzw. erweitern.<\/p>\n<p>F\u00fcr diese Workshops wurde Frau Eva Weiler (Medienp\u00e4dagogin) Mitte Oktober eingeladen. Sie durchquerte mit den Sch\u00fclerinnen und Sch\u00fclern s\u00e4mtlich Aspekte der sozialen Medien mit teils spielerischen Elementen. <\/p>\n<p>Durch ihre alltagsnahe Darstellungsweise m\u00f6glicher Probleme bei der Verwendung von WhatsApp und Co., hat sie es geschafft das Interesse der Sch\u00fclerinnen und Sch\u00fcler zu wecken. In den drei Schulstunden wurden die eigenen Erfahrungen der Sch\u00fclerinnen und Sch\u00fcler, aber auch Beispiele aus der digitalen Welt, zusammen er\u00f6rtert und auf m\u00f6gliche Gefahren hingewiesen.<\/p>\n<p>Dabei spielte der Datenschutz und m\u00f6gliches Cybermobbing eine gro\u00dfe Rolle. Die Sch\u00fclerinnen und Sch\u00fcler lernten auch, dass es m\u00f6gliche rechtliche Konsequenzen geben kann, wenn man sich nicht an die geltenden Regeln und Gesetze h\u00e4lt. Teilweise auch schon im Alter von 8 Jahren.<\/p>\n<p>Frau Weiler hat durch ihr breites Wissen in der digitalen Welt den Sch\u00fclerinnen und Sch\u00fclern eindrucksvoll vermittelt, dass es immer von Vorteil ist, erst dar\u00fcber nachzudenken, was in der digitalen Welt geschrieben, gepostet und ver\u00f6ffentlicht wird, und es dann zu posten. <\/p>\n<p>Ein gro\u00dfes Dankesch\u00f6n geht hierbei an den Freundeskreis des JKG f\u00fcr die Finanzierung der Workshops. Er hat dadurch einen weiteren, wichtigen Beitrag zum Erwerb von Medienkompetenz der Sch\u00fclerinnen und Sch\u00fcler geleistet. <\/p>\n<p><em>Text: Dal (Oktober 2021)<\/em><\/p>\n<hr>\n<h3>WhatsApp und Co.<\/h3>\n<h4>Workshops zur Nutzung sozialer Medien f\u00fcr die 7.Klassen (M\u00e4rz 2020)<\/h4>\n<div class=\"col-md-12\">\n<div class=\"row\">\n<div class=\"col-md-5 bootstrapfloat\">\n        <a href=\"https:\/\/www.jkg-bruchsal.de\/wordpress\/inhalte\/uploads\/2020\/03\/k-Foto_Artikel_Homepage.jpg\" data-rel=\"lightbox-image-1\" data-rl_title=\"\" data-rl_caption=\"\" title=\"\"><img decoding=\"async\" class=\"img-responsive\" src=\"https:\/\/www.jkg-bruchsal.de\/wordpress\/inhalte\/uploads\/2020\/03\/k-Foto_Artikel_Homepage.jpg\" alt=\"Medien\" \/><\/a>\n    <\/div>\n<p>Auch dieses Schuljahr durfte das JKG wieder Herr G\u00e4ckle-Brauchler als Referent f\u00fcr die Workshops zum Thema WhatsApp, Facebook und Co. f\u00fcr die Klassen 7 begr\u00fc\u00dfen.<\/p>\n<p>Mitte Februar erhielten die 7. Klassen innerhalb von drei Schulstunden einen Einblick, was alles mit unseren Daten in den Tiefen des Social Medias passiert und passieren kann, wie personalisierte Werbung auf YouTube und Netflix entsteht und wer den gro\u00dfen Nutzen daraus zieht. <\/p>\n<p><F\u00fcr die junge Generation, die generell mit den sozialen Medien inzwischen aufwachsen, wird es immer wichtiger, gute Kenntnisse dar\u00fcber zu haben, was mit ihren Daten passiert und wie sie sich davor sch\u00fctzen k\u00f6nnen. \/p><\/p>\n<p>Herr G\u00e4ckle-Brauchler f\u00fchrte den Sch\u00fclerinnen und Sch\u00fcler sehr eindrucksvoll und mit viel Elan die T\u00fccken und Gefahren des st\u00e4ndigen \u201eonline-Daseins\u201c vor Augen. Durch seine hervorragenden und vor allem auch aktuellen Kenntnisse konnte er die Sch\u00fclerinnen und Sch\u00fcler begeistern, die auch in den Arbeitsphasen mit gro\u00dfem Interesse dabei waren.<\/p>\n<p>Einen gro\u00dfen Dank geht dabei an den Freundeskreis des JKG, der dieses Jahr die kompletten anfallenden Kosten f\u00fcr diese Workshops \u00fcbernommen hat. <\/p>\n<\/p><\/div>\n<\/p><\/div>\n<p><em>Text und Foto: Shd (M\u00e4rz 2020)<\/em><\/p>\n<hr>\n","protected":false},"excerpt":{"rendered":"<p>Medienknigge >> Smartphones \u2013 aber sicher klicksafe &#038; mobilsicher.de starten Videoreihe \u201emobil &#038; safe\u201c (externer Link) Generation Challenge Workshops mit Medienp\u00e4dagogin Eva Weiler (Oktober 2022) Kennen Sie die neusten Trends, Influencer und Challenges bei TikTok, Instagram und Snap? Die Sch\u00fcler*innen des JKG sind dar\u00fcber sehr gut informiert. Den Umgang mit den Challenges und vor allem [&hellip;]<\/p>\n","protected":false},"author":2,"featured_media":0,"parent":1466,"menu_order":0,"comment_status":"closed","ping_status":"closed","template":"","meta":{"footnotes":""},"class_list":["post-7125","page","type-page","status-publish","hentry"],"_links":{"self":[{"href":"https:\/\/www.jkg-bruchsal.de\/index.php?rest_route=\/wp\/v2\/pages\/7125","targetHints":{"allow":["GET"]}}],"collection":[{"href":"https:\/\/www.jkg-bruchsal.de\/index.php?rest_route=\/wp\/v2\/pages"}],"about":[{"href":"https:\/\/www.jkg-bruchsal.de\/index.php?rest_route=\/wp\/v2\/types\/page"}],"author":[{"embeddable":true,"href":"https:\/\/www.jkg-bruchsal.de\/index.php?rest_route=\/wp\/v2\/users\/2"}],"replies":[{"embeddable":true,"href":"https:\/\/www.jkg-bruchsal.de\/index.php?rest_route=%2Fwp%2Fv2%2Fcomments&post=7125"}],"version-history":[{"count":6,"href":"https:\/\/www.jkg-bruchsal.de\/index.php?rest_route=\/wp\/v2\/pages\/7125\/revisions"}],"predecessor-version":[{"id":16556,"href":"https:\/\/www.jkg-bruchsal.de\/index.php?rest_route=\/wp\/v2\/pages\/7125\/revisions\/16556"}],"up":[{"embeddable":true,"href":"https:\/\/www.jkg-bruchsal.de\/index.php?rest_route=\/wp\/v2\/pages\/1466"}],"wp:attachment":[{"href":"https:\/\/www.jkg-bruchsal.de\/index.php?rest_route=%2Fwp%2Fv2%2Fmedia&parent=7125"}],"curies":[{"name":"wp","href":"https:\/\/api.w.org\/{rel}","templated":true}]}}