{"id":987,"date":"2015-08-11T01:19:19","date_gmt":"2015-08-10T23:19:19","guid":{"rendered":"https:\/\/www.jkg-bruchsal.de\/wordpress\/?page_id=987"},"modified":"2026-04-20T18:51:12","modified_gmt":"2026-04-20T16:51:12","slug":"buecherei","status":"publish","type":"page","link":"https:\/\/www.jkg-bruchsal.de\/?page_id=987","title":{"rendered":"B\u00fccherei"},"content":{"rendered":"<ul class=\"nav nav-tabs nav-justified\">\n<li role=\"presentation\" class=\"active\"><a href=\"#\">Sch\u00fclerbibliothek<\/a><\/li>\n<li role=\"presentation\"><a href=\"#Lehrmittel-B\u00fccherei\">Lehrmittel-B\u00fccherei<\/a><\/li>\n<\/ul>\n<div class=\"nav-rule\">\n<hr>\n<\/div>\n<h3><a name=\"Sch\u00fclerbibliothek\"><\/a>Sch\u00fclerbibliothek<\/h3>\n<p>Unsere Sch\u00fclerbibliothek befindet sich im Hauptgeb\u00e4ude in Raum 230 (N\u00e4he Haupteingang).<\/p>\n<div class=\"col-md-12\">\n<div class=\"row\">\n<div class=\"col-md-5 bootstrapfloat\">\n      <a href=\"https:\/\/www.jkg-bruchsal.de\/wordpress\/inhalte\/uploads\/2020\/10\/Justi-Buecherei.jpg\" data-rel=\"lightbox-image-0\" data-rl_title=\"\" data-rl_caption=\"\" title=\"\"><img decoding=\"async\" class=\"img-responsive\" src=\"https:\/\/www.jkg-bruchsal.de\/wordpress\/inhalte\/uploads\/2020\/10\/Justi-Buecherei.jpg\" alt=\"Justi das B\u00fccher-Ei\" \/><\/a>\n    <\/div>\n<p><strong>Wie? <\/strong>Ausleihe mit dem Sch\u00fclerausweis<\/p>\n<p><strong>Wann? <\/strong> montags und donnerstags<br \/>\n in der gro\u00dfen Pause (11.00 bis 11.20 Uhr)<\/p>\n<p><strong>Wo? <\/strong> Raum 230 <\/p>\n<p><strong>Was?  <\/strong> Jugendb\u00fccher, Romane, Fantasy-B\u00fccher, Lernhilfen, B\u00fccher f\u00fcr die GFS-Vorbereitung, &#8230;<\/p>\n<p><strong>Leitung: Frau Bail und Frau Keilbach<\/strong> <\/p>\n<p>Kontakt: schuelerbib@jkg-bruchsal.de<\/p>\n<\/p><\/div>\n<\/p><\/div>\n<p><strong>Unser Plakat zum Download: <\/strong><a href=\"https:\/\/www.jkg-bruchsal.de\/wordpress\/inhalte\/uploads\/2025\/09\/Schuelerbib-Sept-2025.pdf\" target=\"_blank\">Die JKG-Sch\u00fclerb\u00fccherei im Schuljahr 2025\/26 (PDF)<\/a><\/p>\n<p><\/br><\/p>\n<p><strong>Aktion zum Tag des Buches 2021<\/strong>  <\/p>\n<p>Kennst du schon das neue B\u00fccherquiz unserer Projektgruppe? <a href=\"https:\/\/www.jkg-bruchsal.de\/?page_id=1368#B\u00fccherquiz\" rel=\"noopener\" target=\"_blank\">B\u00fccherquiz >><\/a><\/p>\n<p><\/br><\/p>\n<p><\/br><\/p>\n<p><strong>Medienbestand:<\/strong><\/p>\n<p>Der Medienbestand der Bibliothek gliedert sich in drei Bereiche:<\/p>\n<p>1) Unterhaltungsliteratur: Hier finden sich Jugendb\u00fccher f\u00fcr die Unter- und Mittelstufe und Romane und Thriller f\u00fcr die Oberstufe. Ein prall gef\u00fclltes Science Fiction- und Fantasy-Regal garantiert spannenden Lesespa\u00df. Auch Klassiker der deutschen Literatur und Biographien ber\u00fchmter Pers\u00f6nlichkeiten sind vorhanden. Dank der Unterst\u00fctzung des Freundeskreises konnten viele Anschaffungsw\u00fcnsche der Sechst- und Siebtkl\u00e4ssler realisiert werden.<\/p>\n<p>2) Sachb\u00fccher f\u00fcr GFS: F\u00fcr (fast) alle F\u00e4cher stehen Sachb\u00fccher zur Verf\u00fcgung, die die Sch\u00fclerinnen und Sch\u00fcler bei der Erstellung von GFS nutzen k\u00f6nnen. So f\u00e4llt die Recherche leicht!<\/p>\n<p>3) Lernhilfen: Ein gut gef\u00fclltes Lernhilfenregal hilft den Sch\u00fclerinnen und Sch\u00fclern bei der Vorbereitung auf Klassenarbeiten und Klausuren und bietet zus\u00e4tzliches \u00dcbungsmaterial in den F\u00e4chern Mathematik, Deutsch, Englisch, Franz\u00f6sisch, Latein, Erdkunde, Biologie und Methoden. Auch Lekt\u00fcrehilfen f\u00fcr die Oberstufe und B\u00fccher zur Abiturvorbereitung sind vorhanden.<\/p>\n<p><strong>Ausleihverfahren:<\/strong><\/p>\n<p>Sch\u00fclerinnen und Sch\u00fcler aller Klassenstufen k\u00f6nnen mit ihrem Sch\u00fclerausweis kostenlos ausleihen. Die Leihfrist variiert je nach Medium. <\/p>\n<p><strong>Verantwortliche:<\/strong><\/p>\n<p>Frau Bail betreut die Sch\u00fclerbibliothek.<\/p>\n<p><strong>Bibliotheksordnung<\/strong><\/p>\n<li>Zum Nutzen der Sch\u00fclerbibliothek ben\u00f6tigt ihr einen Benutzer\u00adausweis. <\/li>\n<li>Ihr seid dazu verpflichtet, alle Medien sorgf\u00e4ltig zu behandeln und sie vor Verlust und Besch\u00e4digung zu bewahren.<\/li>\n<li>Bitte pr\u00fcft die B\u00fccher vor der Ausleihe auf Besch\u00e4digungen und weist darauf hin, wenn ihr welche findet, damit nicht ihr daf\u00fcr verantwortlich gemacht werdet. Gerade \u00e4ltere B\u00fccher k\u00f6nnen Gebrauchsspuren aufweisen.<\/li>\n<li>Unterhaltungsliteratur k\u00f6nnt ihr bis zu drei Wochen ausleihen, Fachliteratur eine Woche, Lernhilfen zwei Wochen. Manche Medien geh\u00f6ren zum Pr\u00e4senzbestand, diese k\u00f6nnen nicht ausgeliehen werden.<\/li>\n<li>F\u00fcr Sch\u00e4den, die durch den Missbrauch des Benutzerausweises entstehen, haftet der eingetragene Benutzer. Jeder Sch\u00fcler hat einen eigenen Benutzerausweis (oder kann ihn beantragen \u2013 leiht euren Ausweis daher nicht aus).<\/li>\n<li>Taschen und Rucks\u00e4cke d\u00fcrfen nicht mit in die Sch\u00fclerbibliothek hineingenommen werden.<\/li>\n<li>Essen und trinken ist in der Bibliothek grunds\u00e4tzlich nicht gestattet.<\/li>\n<li>Verhaltet euch in der Sch\u00fclerbibliothek leise.<\/li>\n<p><\/br><\/p>\n<div class=\"row\">\n<div class=\"col-md-6\">\n      <a href=\"https:\/\/www.jkg-bruchsal.de\/wordpress\/inhalte\/uploads\/2026\/04\/k-26-04-17-09-53-41-2071-rotated.jpg\" data-rel=\"lightbox-image-1\" data-rl_title=\"\" data-rl_caption=\"\" title=\"\"><img decoding=\"async\" class=\"img-responsive\" src=\"https:\/\/www.jkg-bruchsal.de\/wordpress\/inhalte\/uploads\/2026\/04\/k-26-04-17-09-53-41-2071-rotated.jpg\" alt=\"Sch\u00fclerbib 1\" \/><\/a>\n    <\/div>\n<div class=\"col-md-6\">\n      <a href=\"https:\/\/www.jkg-bruchsal.de\/wordpress\/inhalte\/uploads\/2026\/04\/k-26-04-17-09-53-15-2069-rotated.jpg\" data-rel=\"lightbox-image-2\" data-rl_title=\"\" data-rl_caption=\"\" title=\"\"><img decoding=\"async\" class=\"img-responsive\" src=\"https:\/\/www.jkg-bruchsal.de\/wordpress\/inhalte\/uploads\/2026\/04\/k-26-04-17-09-53-15-2069-rotated.jpg\" alt=\"Sch\u00fclerbib 2\" \/><\/a>\n    <\/div>\n<\/p><\/div>\n<p><\/br><\/p>\n<hr>\n<h3><a name=\"Lehrmittel-B\u00fccherei\"><\/a>Lehrmittel-B\u00fccherei<\/h3>\n<p>Der Zugang zur Lehrmittel-B\u00fccherei befindet sich im Sockelgeschoss des Hauptgeb\u00e4udes zur Umkleidekabine der Turnhalle.<\/p>\n<p><strong>\u00d6ffnungszeiten:<\/strong><\/p>\n<li>Termin folgt<\/li>\n<p><\/br><\/p>\n<h4>Informationen zur Lernmittelverwaltung \/ Schulbuchausgabe<\/h4>\n<p><\/br><\/p>\n<h4>1. Ausgabe der Schulb\u00fccher<\/h4>\n<p>Die Schulb\u00fccher werden in der ersten Schulwoche des neuen Schuljahres klassenweise und nach Jahrgangsstufen unterteilt an die Sch\u00fcler \/ Sch\u00fclerinnen bereits sortiert von den Lernmittelverwaltern ausgegeben.<br \/>\n<strong>Die Sch\u00fcler sind verpflichtet nach dem Erhalt der Schulb\u00fccher<\/strong> &#8230; <\/p>\n<ul>\n<li>\n<p><strong>den Zustand der B\u00fccher zu kontrollieren<\/strong>. Eventuelles Anzeigen von M\u00e4ngeln wird nur in den ersten beiden Schulwochen akzeptiert und f\u00fcr entsprechend Ersatz gesorgt. Den vollst\u00e4ndigen Erhalt der ben\u00f6tigten Schulb\u00fccher best\u00e4tigt jeder Sch\u00fcler \/ jede Sch\u00fclerin durch seine \/ ihre Unterschrift.<\/p>\n<\/li>\n<li>\n<p>den eigenen Namen und die aktuelle Klasse in die daf\u00fcr vorgesehene Tabelle (Schulstempel) einzutragen. (Nur so kann bei einem Abhandenkommen eines Buches das Schulbuch wieder dem \/der entsprechenden Sch\u00fcler \/ Sch\u00fclerin zugeordnet werden.)<\/p>\n<\/li>\n<li>\n<p>diese, idealerweise mit Klarsichtfolie, da diese am Schuljahresende nicht wieder entfernt werden muss, oder einer anderen Schutzh\u00fclle einzubinden.<\/p>\n<\/li>\n<li>\n<p>zu kontrollieren, ob alle Schulb\u00fccher, die an die Klasse ausgegeben wurden, erhalten wurden. Sollte ein Schulbuch fehlen, so hat der Sch\u00fcler \/ die Sch\u00fclerin ebenfalls in den ersten beiden Schulwochen daf\u00fcr zu sorgen, sich bei der Lernmittelverwaltung das fehlende Schulbuch noch zu beschaffen.<\/p>\n<\/li>\n<\/ul>\n<p>Ganz wichtig!!!! Zur Schulbuchausgabe <strong>bitte immer noch zus\u00e4tzlich ein bis zwei Tragetaschen mitbringen<\/strong>.<\/p>\n<p><\/br><\/p>\n<h4>2. R\u00fcckgabe der Schulb\u00fccher<\/h4>\n<p>Die Schulb\u00fccher werden zu einem von der Lenmittelverwaltung festgestzten Termin am Schuljahresende ebenfalls wieder klassenweise und nach Jahrgangsstufen unterteilt eingesammelt. Die Sch\u00fcler \/Sch\u00fclerinnen werden \u00fcber den Tag der Abgabe und die zur\u00fcckzugebenden Schulb\u00fccher durch den Klassenlehrer \/ die Klassenlehrerin informiert. Infos zu den R\u00fcckgabetagen finden sich auch auf den elektronischen Bildschirmen im Schulhaus. <\/p>\n<p>Die Sch\u00fcler \/ Sch\u00fclerinnen werden dazu <strong>angehalten<\/strong>, an dem <strong>entsprechenden Tag alle<\/strong> aufgef\u00fchrten Schulb\u00fccher mitzubringen. F\u00fcr eventuelle Besch\u00e4digungen oder Verluste von Schulb\u00fcchern hat der entsprechende Sch\u00fcler aufzukommen.<\/p>\n<p>Schulb\u00fccher, die bis zum letztm\u00f6glichen Abgabetermin von den Sch\u00fclern nicht zur\u00fcck gebracht wurden, werden dem Sch\u00fcler in Rechnung gestellt und gehen damit in seinen Besitz \u00fcber.<\/p>\n<p>Es wird erwartet, dass die Schulb\u00fccher in einem ordentlichen Zustand an die Lernmittelverwaltung zur\u00fcckgegeben werden. Um einen z\u00fcgigen Ablauf der Buchr\u00fccknahme zu gew\u00e4hrleisten, sollten die B\u00fccher bereits sortiert und aus den Taschen herausgenommen  und von Nichtglassichth\u00fcllen oder Sichth\u00fcllen, die der Sch\u00fcler behalten m\u00f6chte, befreit worden sein.<\/p>\n<p><\/br><\/p>\n<h4>3. Zustand der Schulb\u00fccher<\/h4>\n<p>Die Schulb\u00fccher sind Eigentum der Schule. Somit versteht es  sich von selbst, dass jeder Sch\u00fcler \/jede Sch\u00fclerin <strong>pfleglich, sorgsam und ordentlich<\/strong> mit den Schulb\u00fcchern umgeht. Eventuelle kleinere Besch\u00e4digungen wie eingerissene oder herausgetrennte Seiten bzw. sich l\u00f6sende Buchr\u00fccken hat der Sch\u00fcler \/ die Sch\u00fclerin (z.Bsp. durch Kleben mit einem Tesastreifen) selbst zu beheben.<\/p>\n<p>Da zu Beginn des Schuljahres jeder Sch\u00fcler die M\u00f6glichkeit hat, einen gr\u00f6\u00dferen und schwerwiegenderen Mangel (z.Bsp. das Fehlen einer Buchseite, zerrissene Buchseiten, schwerwiegende Wassersch\u00e4den  etc.) anzuzeigen und ein Ersatzbuch einzufordern, werden zum Ende des Schuljahres bei der B\u00fccherr\u00fcckgabe Aussagen, die auf den Mangel schon zu Beginn des Schuljahres hinweisen, nicht mehr akzeptiert. In diesem Fall wird davon ausgegangen, dass der Sch\u00fcler \/ die Sch\u00fclerin f\u00fcr den Mangel verantwortlich ist.  Somit liegt die Ersatzpflicht bei diesem Sch\u00fcler.<\/p>\n<p>Die Sch\u00fcler \/ Sch\u00fclerinnen sind verpflichtet die Schulb\u00fccher, soweit nicht schon vorhanden, alle in einzubinden.  Bitte beachten Sie, dass Schulb\u00fccher \u00fcber Jahre hinweg an Sch\u00fcler, die mehr oder weniger pfleglich mit diesen umgehen, ausgegeben werden. Somit kann nicht jedes ausgegebene Schulbuch eine einwandfreie neue unbenutzte Ausgabe eines Buches sein.<\/p>\n<p><\/br><\/p>\n<h4>4. Das Einbinden der Schulb\u00fccher<\/h4>\n<p>Zu Beginn des Schuljahres sind alle Sch\u00fcler \/Sch\u00fclerinnen angehalten die erhaltenen Schulb\u00fccher <strong>zum Schutz dieser einzubinden<\/strong>. Erfolgt dieses Einbinden der Schulb\u00fccher mit einer Klarsichtfolie, so kann diese \u00fcber mehrere Jahre hinweg auf dem Schulbuch verbleiben und erspart dem ein oder anderen nachfolgenden Sch\u00fcler  das erneute Einbinden dieses. Sollte eine alte Folie bereits gro\u00dfe M\u00e4ngel aufweisen, so bitten wir darum, diese abzunehmen und durch eine neue zu ersetzen.<\/p>\n<p>Ebenso ist es auch m\u00f6glich, die Schulb\u00fccher durch Papierh\u00fcllen zu sch\u00fctzen. Da diese aber nicht durchsichtig sind, m\u00fcssen diese zum Schuljahresende vom Sch\u00fcler <strong>(vor der Schulbuchabgabe!!)<\/strong> wieder entfernt werden. Wir weisen an dieser Stelle ausdr\u00fccklich darauf hin, dass die Schutzfolie <strong>nicht in<\/strong> die B\u00fccher eingeklebt werden d\u00fcrfen, da ansonsten beim Entfernen der Schutzh\u00fclle das Buch besch\u00e4digt wird. Bitte verkleben sie die Schutzh\u00fclle in sich selbst.<\/p>\n<p><\/br><\/p>\n<h4>5. Verlust eines Schulbuches<\/h4>\n<p>Erleichtert wird das Wiederauffinden eines Schulbuches vor allem durch den konsequenten Eintrag des Namens und der Klasse in den Schulstempel. Schulb\u00fccher, die nicht wieder auffindbar oder auch so stark besch\u00e4digt sind, dass eine weitere Ausleihe nicht mehr m\u00f6glich ist, m\u00fcssen vom verursachenden Sch\u00fcler \u00fcbernommen werden. Zu zahlen ist der Neupreis des Buches.<\/p>\n<p>Der Sch\u00fcler \/die Sch\u00fclerin erh\u00e4lt bei Verlust oder Besch\u00e4digung ein anderes Buch aus der Lernmittelbibliothek, die Ausgabe des Zweitbuches wird beim entsprechenden Sch\u00fclernamen vermerkt. Zum Schuljahresende muss der Sch\u00fcler\/ die Sch\u00fclerin dann bei der Schulbuchr\u00fcckgabe das entsprechende Buch entsprechend der Ersatzregelung bezahlen. Das Geld wird unmittelbar am R\u00fcckgabetag an die Lernmittelverwalter bezahlt. Alternativ kann auch jeder Sch\u00fcler \/ jede Sch\u00fclerin das verloren gegangene Buch \u00fcber den Buchhandel wieder besorgen (auch gebraucht, wenn gut erhalten).<\/p>\n<p>Bitte beachten Sie: Werden Schulb\u00fccher aus eigenem Verschulden nicht bis zum Schuljahresende zu den angesetzten Terminen vom Sch\u00fcler zur\u00fcckgegeben, werden dem Sch\u00fcler die B\u00fccher in Rechnung gestellt und gehen in dessen Besitz \u00fcber. <\/p>\n<p><\/br><\/p>\n<h4>6. Verlassen der Schule \/ Schulwechsel<\/h4>\n<p>Der Sch\u00fcler \/ die Sch\u00fclerin, der \/ die die Schule verl\u00e4sst , muss sich selbstst\u00e4ndig um die Kontaktaufnahme mit den Lernmittelverwaltern k\u00fcmmern. (siehe unten) Abzugeben sind beim Verlassen der Schule alle von der Schule erhaltenen Lernmittel, dazu geh\u00f6ren neben den Schulb\u00fcchern auch die <strong>Bibel <\/strong>(falls erhalten) und der <strong>Atlas <\/strong>sowie der Taschenrechner (wird allerdings von Frau Utech verwaltet). Bitte besorgen Sie sich im Sekretariat einen Laufzettel zur Schulabmeldung, auf welchem dann die R\u00fcckgabe der Schulb\u00fccher durch entsprechende Unterschrift der Lernmittelverwalter vermerkt und best\u00e4tigt wird.<\/p>\n<p><\/br><\/p>\n<h4>7. Kontaktaufnahme mit den Lernmittelverwaltern<\/h4>\n<p>F\u00fcr die Lernmittelverwaltung ist Herr Lakus zust\u00e4ndig.<\/p>\n<p><\/br><br \/>\n<em>Text: Smi \/ Woe (August 2015 \/ akt. Juli 2019)<\/em><\/p>\n","protected":false},"excerpt":{"rendered":"<p>Sch\u00fclerbibliothek Lehrmittel-B\u00fccherei Sch\u00fclerbibliothek Unsere Sch\u00fclerbibliothek befindet sich im Hauptgeb\u00e4ude in Raum 230 (N\u00e4he Haupteingang). Wie? Ausleihe mit dem Sch\u00fclerausweis Wann? montags und donnerstags in der gro\u00dfen Pause (11.00 bis 11.20 Uhr) Wo? Raum 230 Was? Jugendb\u00fccher, Romane, Fantasy-B\u00fccher, Lernhilfen, B\u00fccher f\u00fcr die GFS-Vorbereitung, &#8230; Leitung: Frau Bail und Frau Keilbach Kontakt: schuelerbib@jkg-bruchsal.de Unser Plakat zum [&hellip;]<\/p>\n","protected":false},"author":2,"featured_media":0,"parent":38,"menu_order":45,"comment_status":"closed","ping_status":"closed","template":"","meta":{"footnotes":""},"class_list":["post-987","page","type-page","status-publish","hentry"],"_links":{"self":[{"href":"https:\/\/www.jkg-bruchsal.de\/index.php?rest_route=\/wp\/v2\/pages\/987","targetHints":{"allow":["GET"]}}],"collection":[{"href":"https:\/\/www.jkg-bruchsal.de\/index.php?rest_route=\/wp\/v2\/pages"}],"about":[{"href":"https:\/\/www.jkg-bruchsal.de\/index.php?rest_route=\/wp\/v2\/types\/page"}],"author":[{"embeddable":true,"href":"https:\/\/www.jkg-bruchsal.de\/index.php?rest_route=\/wp\/v2\/users\/2"}],"replies":[{"embeddable":true,"href":"https:\/\/www.jkg-bruchsal.de\/index.php?rest_route=%2Fwp%2Fv2%2Fcomments&post=987"}],"version-history":[{"count":10,"href":"https:\/\/www.jkg-bruchsal.de\/index.php?rest_route=\/wp\/v2\/pages\/987\/revisions"}],"predecessor-version":[{"id":16981,"href":"https:\/\/www.jkg-bruchsal.de\/index.php?rest_route=\/wp\/v2\/pages\/987\/revisions\/16981"}],"up":[{"embeddable":true,"href":"https:\/\/www.jkg-bruchsal.de\/index.php?rest_route=\/wp\/v2\/pages\/38"}],"wp:attachment":[{"href":"https:\/\/www.jkg-bruchsal.de\/index.php?rest_route=%2Fwp%2Fv2%2Fmedia&parent=987"}],"curies":[{"name":"wp","href":"https:\/\/api.w.org\/{rel}","templated":true}]}}